{"id":3862,"date":"2016-09-27T07:29:01","date_gmt":"2016-09-27T05:29:01","guid":{"rendered":"http:\/\/ostomaz.splet.arnes.si\/?page_id=3862"},"modified":"2025-10-15T16:56:04","modified_gmt":"2025-10-15T14:56:04","slug":"kulturna-sola","status":"publish","type":"page","link":"https:\/\/ostomaz.si\/?page_id=3862","title":{"rendered":"Kulturna \u0161ola"},"content":{"rendered":"<p><a href=\"http:\/\/ostomaz.splet.arnes.si\/files\/2016\/09\/kulturna.png\"><img loading=\"lazy\" decoding=\"async\" class=\" size-medium wp-image-3871 aligncenter\" src=\"http:\/\/ostomaz.splet.arnes.si\/files\/2016\/09\/kulturna-300x107.png\" alt=\"kulturna\" width=\"300\" height=\"107\" srcset=\"https:\/\/ostomaz.si\/files\/2016\/09\/kulturna-300x107.png 300w, https:\/\/ostomaz.si\/files\/2016\/09\/kulturna-154x55.png 154w, https:\/\/ostomaz.si\/files\/2016\/09\/kulturna-470x168.png 470w, https:\/\/ostomaz.si\/files\/2016\/09\/kulturna.png 827w\" sizes=\"auto, (max-width: 300px) 100vw, 300px\" \/><\/a><\/p>\n<p>KULTURNA \u0160OLA<\/p>\n<p style=\"text-align: justify\">Kulturna \u0161ola je dr\u017eavni projekt v osnovnih \u0161olah, namenjen predvsem ob\u0161olskim dejavnostim s podro\u010dja kulture, ki ima jasen cilj \u2013 dvigniti kvaliteto in obseg aktivnega in pasivnega kulturnega udejstvovanja. Javni sklad RS za kulturne dejavnosti v sodelovanju z Zvezo kulturnih dru\u0161tev Slovenije ter dru\u0161tvom Geoss vsako leto objavi razpis za naziv KULTURNA \u0160OLA. V \u0161olskem letu 2024\/2025 smo naziv &#8220;Kulturna \u0161ola&#8221; obnovili. Z ve\u010dletnim delom se je potrebno dokazati na mnogih podro\u010djih kulturnega \u017eivljenja. Naziv je za na\u0161o \u0161olo veliko priznanje, saj je rezultat ve\u010dletnega dela na kulturnem podro\u010dju. Potrudili se bomo, da ga bomo po 4-ih \u0161olskih letih ponovno obnovili.&nbsp;<\/p>\n<p style=\"text-align: justify\">Na\u0161a \u0161ola je prav tako prejela posebno priznanje, in sicer Priznanje za posebne dose\u017eke na podro\u010dju folklorne dejavnosti.<\/p>\n<p>Priznanje Kulturna \u0161ola nas obvezuje, da bomo v \u0161oli in \u0161ir\u0161e \u0161e naprej v najve\u010dji meri razvijali kulturo.<\/p>\n<p>Vodjinja projekta: Mateja Munda<\/p>\n<p><a href=\"http:\/\/ostomaz.splet.arnes.si\/files\/2016\/09\/kulturna.png\"><img loading=\"lazy\" decoding=\"async\" class=\" size-medium wp-image-3871 aligncenter\" src=\"http:\/\/ostomaz.splet.arnes.si\/files\/2016\/09\/kulturna-300x107.png\" alt=\"kulturna\" width=\"300\" height=\"107\" srcset=\"https:\/\/ostomaz.si\/files\/2016\/09\/kulturna-300x107.png 300w, https:\/\/ostomaz.si\/files\/2016\/09\/kulturna-154x55.png 154w, https:\/\/ostomaz.si\/files\/2016\/09\/kulturna-470x168.png 470w, https:\/\/ostomaz.si\/files\/2016\/09\/kulturna.png 827w\" sizes=\"auto, (max-width: 300px) 100vw, 300px\" \/><\/a><\/p>\n","protected":false},"excerpt":{"rendered":"<p>KULTURNA \u0160OLA Kulturna \u0161ola je [&hellip;]<\/p>\n","protected":false},"author":735,"featured_media":21730,"parent":0,"menu_order":0,"comment_status":"closed","ping_status":"open","template":"","meta":{"ngg_post_thumbnail":0,"footnotes":""},"class_list":["post-3862","page","type-page","status-publish","has-post-thumbnail","hentry"],"_links":{"self":[{"href":"https:\/\/ostomaz.si\/index.php?rest_route=\/wp\/v2\/pages\/3862","targetHints":{"allow":["GET"]}}],"collection":[{"href":"https:\/\/ostomaz.si\/index.php?rest_route=\/wp\/v2\/pages"}],"about":[{"href":"https:\/\/ostomaz.si\/index.php?rest_route=\/wp\/v2\/types\/page"}],"author":[{"embeddable":true,"href":"https:\/\/ostomaz.si\/index.php?rest_route=\/wp\/v2\/users\/735"}],"replies":[{"embeddable":true,"href":"https:\/\/ostomaz.si\/index.php?rest_route=%2Fwp%2Fv2%2Fcomments&post=3862"}],"version-history":[{"count":8,"href":"https:\/\/ostomaz.si\/index.php?rest_route=\/wp\/v2\/pages\/3862\/revisions"}],"predecessor-version":[{"id":23379,"href":"https:\/\/ostomaz.si\/index.php?rest_route=\/wp\/v2\/pages\/3862\/revisions\/23379"}],"wp:featuredmedia":[{"embeddable":true,"href":"https:\/\/ostomaz.si\/index.php?rest_route=\/wp\/v2\/media\/21730"}],"wp:attachment":[{"href":"https:\/\/ostomaz.si\/index.php?rest_route=%2Fwp%2Fv2%2Fmedia&parent=3862"}],"curies":[{"name":"wp","href":"https:\/\/api.w.org\/{rel}","templated":true}]}}