{"id":2388,"date":"2015-08-25T20:59:59","date_gmt":"2015-08-25T18:59:59","guid":{"rendered":"http:\/\/ostomaz.splet.arnes.si\/?page_id=2388"},"modified":"2025-11-06T12:58:01","modified_gmt":"2025-11-06T11:58:01","slug":"ravnateljica","status":"publish","type":"page","link":"https:\/\/ostomaz.si\/?page_id=2388","title":{"rendered":"Ravnatelj"},"content":{"rendered":"<p><span style=\"color: #0000ff\"><strong>Ravnatelj<\/strong><\/span><\/p>\n<p><em><strong>Marko Lali\u0107, prof.<\/strong><\/em><\/p>\n<p>Elektronski naslov: &#x6d;&#x61;&#x72;&#x6b;&#x6f;&#x2e;&#x6c;&#x61;&#x6c;&#x69;&#x63;&#x40;&#x67;&#x75;&#x65;&#x73;&#x74;&#x2e;&#x61;&#x72;&#x6e;&#x65;&#115;&#46;&#115;&#105;, ma&#114;&#107;&#111;&#x2e;&#x6c;&#x61;&#x6c;ic&#64;&#111;&#115;&#x74;&#x6f;&#x6d;&#x61;z&#46;&#115;&#105;<\/p>\n<p>Telefon: 02 713 30 50<\/p>\n<p>Fax: 02 713 30 60<\/p>\n<p><a name=\"_Toc272925309\"><\/a><a name=\"_Toc304403443\"><\/a><a name=\"_Toc304405076\"><\/a><a name=\"_Toc335998909\"><\/a>Pristojnosti ravnatelja opredeljuje 49. \u010dlen Zakona o organizaciji in financiranju v vzgoji in izobra\u017eevanju. Te naloge so:<\/p>\n<p>&#8211;&nbsp;organizira, na\u010drtuje in vodi delo vrtca oziroma \u0161ole,<\/p>\n<p>&#8211;&nbsp;pripravlja program razvoja vrtca oziroma \u0161ole,<\/p>\n<p>&#8211;&nbsp;pripravlja predlog letnega delovnega na\u010drta in je odgovoren za njegovo<\/p>\n<p>&nbsp; izvedbo,<\/p>\n<p>&#8211;&nbsp;je odgovoren za uresni\u010devanje pravic otrok ter pravic in dol\u017enosti u\u010dencev,<\/p>\n<p>&nbsp; vajencev, dijakov, \u0161tudentov vi\u0161je \u0161ole in odraslih,<\/p>\n<p>&#8211;&nbsp;vodi delo vzgojiteljskega, u\u010diteljskega in predavateljskega zbora,<\/p>\n<p>&#8211;&nbsp;oblikuje predlog nadstandardnih programov,<\/p>\n<p>&#8211;&nbsp;spodbuja strokovno izobra\u017eevanje in izpopolnjevanje strokovnih delavcev,<\/p>\n<p>&#8211;&nbsp;organizira mentorstvo za pripravnike,<\/p>\n<p>&#8211;&nbsp;prisostvuje pri vzgojno-izobra\u017eevalnem delu vzgojiteljev oziroma u\u010diteljev,<\/p>\n<p>&nbsp; spremlja njihovo delo in jim svetuje,<\/p>\n<p>&#8211;&nbsp;predlaga napredovanje strokovnih delavcev v nazive,<\/p>\n<p>&#8211;&nbsp;odlo\u010da o napredovanju delavcev v pla\u010dilne razrede,<\/p>\n<p>&#8211;&nbsp;spremlja delo svetovalne slu\u017ebe,<\/p>\n<p>&#8211;&nbsp;skrbi za sodelovanje zavoda s star\u0161i (roditeljski sestanki, govorilne ure in<\/p>\n<p>&nbsp; druge oblike sodelovanja),<\/p>\n<p>&#8211;&nbsp;obve\u0161\u010da star\u0161e o delu vrtca oziroma \u0161ole in o spremembah pravic in<\/p>\n<p>&nbsp; obveznosti u\u010dencev, vajencev in dijakov,<\/p>\n<p>&#8211;&nbsp;spodbuja in spremlja delo skupnosti u\u010dencev, vajencev oziroma dijakov ter<\/p>\n<p>&nbsp; \u0161tudentov vi\u0161je \u0161ole,<\/p>\n<p>&#8211;&nbsp;odlo\u010da o vzgojnih ukrepih,<\/p>\n<p>&#8211;&nbsp;zagotavlja izvr\u0161evanje odlo\u010db dr\u017eavnih organov,<\/p>\n<p>&#8211;&nbsp;zastopa in predstavlja vrtec oziroma \u0161olo in je odgovoren za zakonitost dela,<\/p>\n<p>&#8211;&nbsp;dolo\u010da sistemizacijo delovnih mest,<\/p>\n<p>&#8211;&nbsp;odlo\u010da o sklepanju delovnih razmerij in o disciplinski odgovornosti delavcev,<\/p>\n<p>&#8211;&nbsp;skrbi za sodelovanje \u0161ole s \u0161olsko zdravstveno slu\u017ebo in<\/p>\n<p>&#8211;&nbsp;je odgovoren za zagotavljanje in ugotavljanje kakovosti s samoevalvacijo in<\/p>\n<p>&nbsp; pripravo letnega poro\u010dila o samoevalvaciji \u0161ole oziroma vrtca,<\/p>\n<p>&#8211;&nbsp;opravlja druge naloge v skladu z zakoni in drugimi predpisi,<\/p>\n<p>&#8211; drugo (kronika \u0161ole).<\/p>\n<h3>&nbsp;<\/h3>\n<h3><a name=\"_Toc52538005\"><\/a><a name=\"_Toc83617223\"><\/a><a name=\"_Toc83621167\"><\/a><a name=\"_Toc114867675\"><\/a><a name=\"_Toc146342235\"><\/a><a name=\"_Toc146344155\"><\/a><a name=\"_Toc177780285\"><\/a><a name=\"_Toc209332698\"><\/a><a name=\"_Toc241300154\"><\/a><a name=\"_Toc180053767\"><\/a>ORGANIZACIJA DELA<\/h3>\n<p>Ravnatelj je odgovoren za: strokovno zasedbo vseh delovnih mest, materialne pogoje dela, videz \u0161ole, opremljanje \u0161ole s sodobno u\u010dno tehnologijo in strokovno literaturo, dobro organizacijo vzgojno-izobra\u017eevalnega procesa.<\/p>\n<h3><a name=\"_Toc52538006\"><\/a><a name=\"_Toc83617224\"><\/a><a name=\"_Toc83621168\"><\/a><a name=\"_Toc114867676\"><\/a><a name=\"_Toc146342236\"><\/a><a name=\"_Toc146344156\"><\/a><a name=\"_Toc177780286\"><\/a><a name=\"_Toc209332699\"><\/a><a name=\"_Toc241300155\"><\/a><a name=\"_Toc180053768\"><\/a>PEDAGO\u0160KO VODENJE<\/h3>\n<p>Pomembno podro\u010dje dela ravnatelja je pedago\u0161ko vodenje. V \u0161olskem letu 2025\/26 bodo prednostna podro\u010dja pedago\u0161kega vodenja, ki so predstavljena v tabeli.<\/p>\n<table>\n<tbody>\n<tr>\n<td width=\"140\"><strong>Podro\u010dje <\/strong><\/td>\n<td width=\"255\"><strong>Cilji<\/strong><\/td>\n<td width=\"219\"><strong>Dejavnosti<\/strong><\/td>\n<\/tr>\n<tr>\n<td width=\"140\"><strong>POUK, PROCES U\u010cENJA<\/strong><\/td>\n<td width=\"255\">Spremljanje novosti in priporo\u010dil na podro\u010dju pedago\u0161kega vodenja; spremljanje poteka raz\u0161irjenega programa v \u0161olah.<\/p>\n<p>&nbsp;<\/p>\n<p>Nuditi strokovno podporo u\u010diteljem pri uporabi raznolikih u\u010dnih strategij in razvijanju kompetenc.<\/p>\n<p>&nbsp;<\/p>\n<p>Izvajanje opazovanja pouka po protokolu. Omogo\u010danje kolegialnih hospitacij.<\/td>\n<td width=\"219\">\u0160tudij literature.<\/p>\n<p>Aktivno sodelovanje na delovnih sre\u010danjih in hospitacijah, organiziranih s strani Zavoda RS za \u0161olstvo, OE Maribor.<\/p>\n<p>Strokovne diskusije, razgovori.<\/p>\n<p>Omogo\u010dena udele\u017eba u\u010diteljem na izobra\u017eevanjih in \u0161tudijskih sre\u010danjih.<\/p>\n<p>Spremljava pouka z evalvacijo po predhodno predstavljenem protokolu.<\/td>\n<\/tr>\n<tr>\n<td width=\"140\"><strong>PROJEKTNO DELO, RAZVOJNA NALOGA<\/strong><\/td>\n<td width=\"255\">Aktivno delo v projektih.<\/p>\n<p>&nbsp;<\/td>\n<td width=\"219\">Izobra\u017eevanje.<\/p>\n<p>Aktivno delo v timih.<\/p>\n<p>Dokumentacija, zahtevki.<\/p>\n<p>Spremljanje razpisov.<\/td>\n<\/tr>\n<tr>\n<td width=\"140\"><strong>PROFESIONALNI RAZVOJ ZAPOSLENIH<\/strong><\/td>\n<td width=\"255\">Prilagajanje individualnega izbora izobra\u017eevanj podro\u010djem.<\/td>\n<td width=\"219\">Izobra\u017eevanja.<\/p>\n<p>Delavnice.<\/td>\n<\/tr>\n<\/tbody>\n<\/table>\n<p>Ravnatelj kot pedago\u0161ki vodja skrbi za naslednja podro\u010dja pri vzgojno-izobra\u017eevalnem procesu: na\u010drtovanje, spremljanje, koordiniranje, analiziranje, vrednotenje, ocenjevanje, hospitiranje \u2013 spremljava pouka. K pedago\u0161kemu vodenju sodi tudi spremljava pouka. Spremljava pouka bo sovpadala s kolegialnimi hospitacijami, kjer bo poleg ravnatelja prisoten vsaj eden strokovni delavec. Spremljava zaposlenih strokovnih delavcev se vsebinsko navezuje na prednostno nalogo. &nbsp;Strokovni delavci si sami dolo\u010dijo datum spremljave. Prednostno podro\u010dje spremljave je bilo dogovorjeno na septembrski pedago\u0161ki konferenci. Cilj spremljave bo vezan na prednostno podro\u010dje dela v tem \u0161olskem letu. Opazovanje pouka bo potekalo po na\u010drtovanem protokolu, ki zajema dejavnosti pred, med in po opazovanju pouka.&nbsp;<\/p>\n<p>&nbsp;<\/p>\n<h3><a name=\"_Toc52538008\"><\/a><a name=\"_Toc83617226\"><\/a><a name=\"_Toc83621170\"><\/a><a name=\"_Toc114867678\"><\/a><a name=\"_Toc146342238\"><\/a><a name=\"_Toc146344158\"><\/a><a name=\"_Toc177780288\"><\/a><a name=\"_Toc209332701\"><\/a><a name=\"_Toc241300157\"><\/a><a name=\"_Toc178021253\"><\/a><a name=\"_Toc180053769\"><\/a>POSLOVNI MENED\u017dMENT<\/h3>\n<p>Na poslovnem podro\u010dju skrbi ravnatelj za: finan\u010dno poslovanje, poslovno vodenje,<\/p>\n<p>strokovno povezovanje v popolni odgovornosti do zavoda kot celote, u\u010dencev, sodelavcev, star\u0161ev, dru\u017ebenega okolja.<\/p>\n<p>Ravnatelj za opravljanje posameznih nalog pooblasti strokovne delavce.<\/p>\n<table>\n<tbody>\n<tr>\n<td width=\"302\"><strong>NALOGE\/KOORDINATOR<\/strong><\/td>\n<td width=\"302\"><strong>STROKOVNI DELAVCI<\/strong><\/td>\n<\/tr>\n<tr>\n<td width=\"302\"><strong>Lektoriranje<\/strong><\/td>\n<td width=\"302\">Tanja Hebar, Marko Lali\u0107<\/td>\n<\/tr>\n<tr>\n<td width=\"302\"><strong>De\u017eurstva (proste ure, odmori)<\/strong><\/td>\n<td width=\"302\">Tanja Hebar<\/td>\n<\/tr>\n<tr>\n<td width=\"302\"><strong>Kronika vrtca<\/strong><\/td>\n<td width=\"302\">Mateja Vajda<\/td>\n<\/tr>\n<tr>\n<td width=\"302\"><strong>Kronika kulturnega dogajanja<\/strong><\/td>\n<td width=\"302\">Mateja Munda<\/td>\n<\/tr>\n<tr>\n<td width=\"302\"><strong>Administrator E-Asistent<\/strong><\/td>\n<td width=\"302\">Drago Slavinec, Mateja Munda<\/td>\n<\/tr>\n<tr>\n<td width=\"302\"><strong>Skrbnik SLOfit<\/strong><\/td>\n<td width=\"302\">Bla\u017e Ajlec<\/td>\n<\/tr>\n<\/tbody>\n<\/table>\n<p>&nbsp;<\/p>\n<p>Koordiniranje posameznih podro\u010dij dejavnosti<\/p>\n<table>\n<tbody>\n<tr>\n<td width=\"406\"><strong>Koordinatorica kulturnega dogajanja na \u0161oli<\/strong><\/td>\n<td width=\"198\"><strong>Mateja Munda<\/strong><\/td>\n<\/tr>\n<tr>\n<td width=\"406\"><strong>Koordinator \u0161portnega dogajanja na \u0161oli<\/strong><\/td>\n<td width=\"198\">Bla\u017e Ajlec<\/td>\n<\/tr>\n<tr>\n<td width=\"406\"><strong>Koordinator urejanja spletne strani<\/strong><\/td>\n<td width=\"198\">Drago Slavinec<\/td>\n<\/tr>\n<tr>\n<td width=\"406\"><strong>Koordinator za delo z nadarjenimi u\u010denci<\/strong><\/p>\n<p><strong>Koordinator za delo z nadarjenimi u\u010denci na izvedbeni ravni<\/strong><\/td>\n<td width=\"198\">Nata\u0161a \u0160uen<\/p>\n<p>Tadeja Vrbnjak<\/td>\n<\/tr>\n<tr>\n<td width=\"406\"><strong>Koordinator za delo z u\u010denci z u\u010dnimi te\u017eavami<\/strong><\/td>\n<td width=\"198\">Nata\u0161a \u0160uen<\/td>\n<\/tr>\n<\/tbody>\n<\/table>\n<h3><a name=\"_Toc178021254\"><\/a><a name=\"_Toc180053770\"><\/a><em>MENTORSTVA<\/em><\/h3>\n<table>\n<tbody>\n<tr>\n<td width=\"352\"><em>VRSTA<\/em><\/td>\n<td width=\"253\"><em>MENTOR<\/em><\/td>\n<\/tr>\n<tr>\n<td width=\"352\"><em>Skupnost u\u010dencev \u0161ole (SU\u0160)<\/em><\/td>\n<td width=\"253\"><em>Nicolette Pondrk<\/em><\/td>\n<\/tr>\n<tr>\n<td width=\"352\"><em>Organizacija rde\u010dega kri\u017ea (RK)<\/em><\/td>\n<td width=\"253\"><em>Zvonka Lali\u0107<\/em><\/td>\n<\/tr>\n<tr>\n<td width=\"352\"><em>\u0160olsko kulturno-umetni\u0161ko dru\u0161tvo (\u0160KUD)<\/em><\/td>\n<td width=\"253\"><em>Mateja Munda<\/em><\/td>\n<\/tr>\n<tr>\n<td width=\"352\"><em>\u0160olsko \u0161portno dru\u0161tvo (\u0160\u0160D)&nbsp;&nbsp;&nbsp;&nbsp;&nbsp;&nbsp;&nbsp;&nbsp; <\/em><\/td>\n<td width=\"253\"><em>Bla\u017e Ajlec<\/em><\/td>\n<\/tr>\n<\/tbody>\n<\/table>\n<p>&nbsp;<\/p>\n","protected":false},"excerpt":{"rendered":"<p>Ravnatelj Marko Lali\u0107, prof. Elektronski [&hellip;]<\/p>\n","protected":false},"author":735,"featured_media":0,"parent":2382,"menu_order":0,"comment_status":"closed","ping_status":"open","template":"","meta":{"ngg_post_thumbnail":0,"footnotes":""},"class_list":["post-2388","page","type-page","status-publish","hentry"],"_links":{"self":[{"href":"https:\/\/ostomaz.si\/index.php?rest_route=\/wp\/v2\/pages\/2388","targetHints":{"allow":["GET"]}}],"collection":[{"href":"https:\/\/ostomaz.si\/index.php?rest_route=\/wp\/v2\/pages"}],"about":[{"href":"https:\/\/ostomaz.si\/index.php?rest_route=\/wp\/v2\/types\/page"}],"author":[{"embeddable":true,"href":"https:\/\/ostomaz.si\/index.php?rest_route=\/wp\/v2\/users\/735"}],"replies":[{"embeddable":true,"href":"https:\/\/ostomaz.si\/index.php?rest_route=%2Fwp%2Fv2%2Fcomments&post=2388"}],"version-history":[{"count":15,"href":"https:\/\/ostomaz.si\/index.php?rest_route=\/wp\/v2\/pages\/2388\/revisions"}],"predecessor-version":[{"id":23498,"href":"https:\/\/ostomaz.si\/index.php?rest_route=\/wp\/v2\/pages\/2388\/revisions\/23498"}],"up":[{"embeddable":true,"href":"https:\/\/ostomaz.si\/index.php?rest_route=\/wp\/v2\/pages\/2382"}],"wp:attachment":[{"href":"https:\/\/ostomaz.si\/index.php?rest_route=%2Fwp%2Fv2%2Fmedia&parent=2388"}],"curies":[{"name":"wp","href":"https:\/\/api.w.org\/{rel}","templated":true}]}}