{"id":2051,"date":"2013-03-13T19:24:53","date_gmt":"2013-03-13T19:24:53","guid":{"rendered":"http:\/\/demo.wpzoom.com\/academica-pro\/?page_id=67"},"modified":"2023-10-17T19:07:23","modified_gmt":"2023-10-17T17:07:23","slug":"research","status":"publish","type":"page","link":"https:\/\/ostomaz.si\/?page_id=2051","title":{"rendered":"Projekti"},"content":{"rendered":"<p><span style=\"color: #0000ff\"><em><strong>Projekti na\u0161e \u0161ole<\/strong><\/em><\/span><\/p>\n<p><strong>&nbsp;<\/strong><\/p>\n<table width=\"605\">\n<tbody>\n<tr>\n<td width=\"331\">PROJEKT<\/td>\n<td width=\"274\">NOSILEC PROJEKTA<\/td>\n<\/tr>\n<tr>\n<td width=\"331\">Zdrava \u0161ola<\/td>\n<td width=\"274\">Marko Lali\u0107<\/td>\n<\/tr>\n<tr>\n<td width=\"331\">Kulturna \u0161ola<\/td>\n<td width=\"274\">Mateja Munda<\/td>\n<\/tr>\n<tr>\n<td width=\"331\">Eko \u0161ola<\/td>\n<td width=\"274\">Barbara Colnari\u010d<\/td>\n<\/tr>\n<tr>\n<td width=\"331\">\n<p>ASPnet<\/p>\n<p>&#8211;&nbsp;&nbsp;&nbsp;&nbsp;&nbsp;&nbsp;&nbsp;&nbsp;&nbsp; Gozd in naravno okolje skozi otrokove o\u010di (S. Kramberger)<\/p>\n<p>&#8211;&nbsp;&nbsp;&nbsp;&nbsp;&nbsp;&nbsp;&nbsp;&nbsp;&nbsp; Moje pravice (S. Kramberger)<\/p>\n<p>&#8211;&nbsp;&nbsp;&nbsp;&nbsp;&nbsp;&nbsp;&nbsp;&nbsp;&nbsp; Ne dr\u017ei jezika za zobmi (S. Kramberger)<\/p>\n<p>&#8211;&nbsp;&nbsp;&nbsp;&nbsp;&nbsp;&nbsp;&nbsp;&nbsp;&nbsp; Skriti koti\u010dki mojega kraja (Z. \u0160afari\u010d)<\/p>\n<p>&#8211;&nbsp;&nbsp;&nbsp;&nbsp;&nbsp;&nbsp;&nbsp;&nbsp;&nbsp; Moder stol (Z. \u0160afari\u010d)<\/p>\n<p>&#8211;&nbsp;&nbsp;&nbsp;&nbsp;&nbsp;&nbsp;&nbsp;&nbsp;&nbsp; Obudimo pisanje pisem (S. Bel\u0161ak V.)<\/td>\n<td width=\"274\">Maja Brom\u0161e<\/td>\n<\/tr>\n<tr>\n<td width=\"331\">Tradicionalni slovenski zajtrk<\/td>\n<td width=\"274\">Barbara Colnari\u010d<\/td>\n<\/tr>\n<tr>\n<td width=\"331\">Bralni nahrbtnik 1. a<\/td>\n<td width=\"274\">Milena Korpar Majcen<\/td>\n<\/tr>\n<tr>\n<td width=\"331\">Branje v razredu<\/td>\n<td width=\"274\">Zvonka Lali\u0107, Zdravko Majcen<\/td>\n<\/tr>\n<tr>\n<td width=\"331\">Policist Leon svetuje 5. a<\/td>\n<td width=\"274\">Zvonka Lali\u0107<\/td>\n<\/tr>\n<tr>\n<td width=\"331\">Varno na kolesu<\/td>\n<td width=\"274\">Zvonka Lali\u0107, Marko Lali\u0107<\/td>\n<\/tr>\n<tr>\n<td width=\"331\">\u010cisti zobje, zdravi zobje<\/td>\n<td width=\"274\">razredniki 1.\u20135. razreda<\/td>\n<\/tr>\n<tr>\n<td width=\"331\">Zlati son\u010dek<\/td>\n<td width=\"274\">razredniki 1.\u20133. razreda, Herman Prejac<\/td>\n<\/tr>\n<tr>\n<td width=\"331\">Krpan<\/td>\n<td width=\"274\">razredniki 4.-6. razreda, Herman Prejac<\/td>\n<\/tr>\n<tr>\n<td width=\"331\">Otro\u0161ka varnostna olimpijada<\/td>\n<td width=\"274\">Zdravko Majcen<\/td>\n<\/tr>\n<tr>\n<td width=\"331\">Projekt Rastem s knjigo \u2013 7. razred<\/td>\n<td width=\"274\">Tanja Hebar<\/td>\n<\/tr>\n<tr>\n<td width=\"331\">Dan Evrope<\/td>\n<td width=\"274\">Silva Raku\u0161a, Mateja Munda<\/td>\n<\/tr>\n<tr>\n<td width=\"331\">Simbioza \u0161ola<\/td>\n<td width=\"274\">Maja Brom\u0161e<\/td>\n<\/tr>\n<tr>\n<td width=\"331\">Evropa v \u0161oli<\/td>\n<td width=\"274\">Mateja Munda<\/td>\n<\/tr>\n<tr>\n<td width=\"331\">Go-car-go 8. a<\/td>\n<td width=\"274\">Drago Slavinec<\/td>\n<\/tr>\n<tr>\n<td width=\"331\">\u0160olska shema<\/td>\n<td width=\"274\">Barbara Colnari\u010d<\/td>\n<\/tr>\n<tr>\n<td width=\"331\">Turizmu pomaga lastna glava<\/td>\n<td width=\"274\">Zdenka \u0160afari\u010d (Silva Raku\u0161a, Marko Lali\u0107)<\/td>\n<\/tr>\n<tr>\n<td width=\"331\">iEarn: Daffodils and Tulips<\/td>\n<td width=\"274\">Sara Kramberger<\/td>\n<\/tr>\n<tr>\n<td width=\"331\">Pasav\u010dek<\/td>\n<td width=\"274\">Maja Brom\u0161e (Milena K. Majcen, Valentina Tibaut)<\/td>\n<\/tr>\n<\/tbody>\n<\/table>\n<p><strong>&nbsp;<\/strong><!--more--><\/p>\n<p>&nbsp;<\/p>\n","protected":false},"excerpt":{"rendered":"<p>Projekti na\u0161e \u0161ole &nbsp; PROJEKT [&hellip;]<\/p>\n","protected":false},"author":735,"featured_media":2603,"parent":0,"menu_order":0,"comment_status":"closed","ping_status":"closed","template":"","meta":{"ngg_post_thumbnail":0,"footnotes":""},"class_list":["post-2051","page","type-page","status-publish","has-post-thumbnail","hentry"],"_links":{"self":[{"href":"https:\/\/ostomaz.si\/index.php?rest_route=\/wp\/v2\/pages\/2051","targetHints":{"allow":["GET"]}}],"collection":[{"href":"https:\/\/ostomaz.si\/index.php?rest_route=\/wp\/v2\/pages"}],"about":[{"href":"https:\/\/ostomaz.si\/index.php?rest_route=\/wp\/v2\/types\/page"}],"author":[{"embeddable":true,"href":"https:\/\/ostomaz.si\/index.php?rest_route=\/wp\/v2\/users\/735"}],"replies":[{"embeddable":true,"href":"https:\/\/ostomaz.si\/index.php?rest_route=%2Fwp%2Fv2%2Fcomments&post=2051"}],"version-history":[{"count":14,"href":"https:\/\/ostomaz.si\/index.php?rest_route=\/wp\/v2\/pages\/2051\/revisions"}],"predecessor-version":[{"id":20069,"href":"https:\/\/ostomaz.si\/index.php?rest_route=\/wp\/v2\/pages\/2051\/revisions\/20069"}],"wp:featuredmedia":[{"embeddable":true,"href":"https:\/\/ostomaz.si\/index.php?rest_route=\/wp\/v2\/media\/2603"}],"wp:attachment":[{"href":"https:\/\/ostomaz.si\/index.php?rest_route=%2Fwp%2Fv2%2Fmedia&parent=2051"}],"curies":[{"name":"wp","href":"https:\/\/api.w.org\/{rel}","templated":true}]}}